{"id":44672,"date":"2023-07-27T15:07:37","date_gmt":"2023-07-27T13:07:37","guid":{"rendered":"https:\/\/difue.de\/?page_id=44672"},"modified":"2024-06-17T13:39:57","modified_gmt":"2024-06-17T11:39:57","slug":"difu-fachbeirat","status":"publish","type":"page","link":"https:\/\/difue.de\/en\/difu-fachbeirat\/","title":{"rendered":"DiF\u00fc-Fachbeirat"},"content":{"rendered":"\n<section class=\"block__text_columns mb-6\">\n\t<div class=\"container\">\n\t\t<div class=\"row\">\n\t\t\t<div class=\"block__text_columns__text_wrapper text-align-left col-12 col-lg-12 offset-lg-0\" style=\"column-count: 2\">\n\t\t\t\t<p>Der DiF\u00fc erm\u00f6glicht Verbraucher:innen aller Altersgruppen, Kompetenzen hinsichtlich der Sicherheit und des Gebrauchs digitaler Anwendungen zu erlernen und so digitale Dienste im privaten wie beruflichen Kontext souver\u00e4n anzuwenden. Ein Netzwerk von Expert:innen steht dem DiF\u00fc dabei als Fachbeirat beratend zur Seite, um die zu vermittelnden Inhalte an den Bed\u00fcrfnissen breiter Bev\u00f6lkerungsteile auszurichten und die digitale Teilhabe deutschlandweit zu f\u00f6rdern. Die Beiratsmitglieder tragen mit ihren Hinweisen ma\u00dfgeblich zur Weiterentwicklung und Optimierung des Angebots bei. Dar\u00fcber hinaus leistet der Fachbeirat einen wichtigen Beitrag zur Verbreitung, Legitimation und Akzeptanz des DiF\u00fc-Angebots bei Verbraucher:innen und Entscheidungstr\u00e4ger:innen aus Politik, Verwaltung, Wirtschaft und Zivilgesellschaft.<\/p>\n\t\t\t<\/div>\n\t\t<\/div>\n\t<\/div>\n<\/section>\n\n\n\n<section class=\"block__team unser_team mb-6\">\n\t<div class=\"container\">\n\t\t<div class=\"row\">\n\t\t\t\t\t\t\t\t\t\n\t\t\t<div class=\"col-12 col-lg-12 offset-lg-0\">\n\t\t\t\t<div class=\"row\">\n\t\t\t\t\t\t\t\t\t\t<div class=\"team_member col-12 col-sm-6 col-md-3\">\n\t\t\t\t\t\t\t\t\t\t\t\t<img loading=\"lazy\" decoding=\"async\" width=\"375\" height=\"500\" src=\"https:\/\/difue.de\/app\/uploads\/2023\/06\/Bradler.png\" class=\"img-fluid w-100\" alt=\"Bradler\" title=\"Bradler\" srcset=\"https:\/\/difue.de\/app\/uploads\/2023\/06\/Bradler.png 1000w, https:\/\/difue.de\/app\/uploads\/2023\/06\/Bradler-225x300.png 225w, https:\/\/difue.de\/app\/uploads\/2023\/06\/Bradler-768x1024.png 768w, https:\/\/difue.de\/app\/uploads\/2023\/06\/Bradler-113x150.png 113w, https:\/\/difue.de\/app\/uploads\/2023\/06\/Bradler-201x268.png 201w\" sizes=\"auto, (max-width: 375px) 100vw, 375px\" \/>\t\t\t\t\t\t<p class=\"name\">Thomas Bradler<\/p>\n\t\t\t\t\t\t<p>Verbraucherzentrale Nordrhein-Westfalen e.V.<br \/>\r\nLeiter des Bereichs Markt und Recht<br \/>\r\n\u00a9 Verbraucherzentrale NRW<br \/>\r\n<br \/>\r\n<\/p>\n\t\t\t\t\t<\/div>\n\t\t\t\t\t\t\t\t\t\t<div class=\"team_member col-12 col-sm-6 col-md-3\">\n\t\t\t\t\t\t\t\t\t\t\t\t<img loading=\"lazy\" decoding=\"async\" width=\"375\" height=\"500\" src=\"https:\/\/difue.de\/app\/uploads\/2023\/06\/CCodreanu.png\" class=\"img-fluid w-100\" alt=\"CCodreanu\" title=\"CCodreanu\" srcset=\"https:\/\/difue.de\/app\/uploads\/2023\/06\/CCodreanu.png 1000w, https:\/\/difue.de\/app\/uploads\/2023\/06\/CCodreanu-225x300.png 225w, https:\/\/difue.de\/app\/uploads\/2023\/06\/CCodreanu-768x1024.png 768w, https:\/\/difue.de\/app\/uploads\/2023\/06\/CCodreanu-113x150.png 113w, https:\/\/difue.de\/app\/uploads\/2023\/06\/CCodreanu-201x268.png 201w\" sizes=\"auto, (max-width: 375px) 100vw, 375px\" \/>\t\t\t\t\t\t<p class=\"name\">Christian Codreanu<\/p>\n\t\t\t\t\t\t<p>IHK Akademie M\u00fcnchen und Oberbayern gGmbH <br \/>\r\nBildungsmanager<br \/>\r\n\u00a9 IHK Akademie M\u00fcnchen<\/p>\n\t\t\t\t\t<\/div>\n\t\t\t\t\t\t\t\t\t\t<div class=\"team_member col-12 col-sm-6 col-md-3\">\n\t\t\t\t\t\t\t\t\t\t\t\t<img loading=\"lazy\" decoding=\"async\" width=\"375\" height=\"500\" src=\"https:\/\/difue.de\/app\/uploads\/2023\/11\/plantzahlterbild-team.jpg\" class=\"img-fluid w-100\" alt=\"Platzhalter Foto\" title=\"plantzahlterbild-team\" srcset=\"https:\/\/difue.de\/app\/uploads\/2023\/11\/plantzahlterbild-team.jpg 375w, https:\/\/difue.de\/app\/uploads\/2023\/11\/plantzahlterbild-team-225x300.jpg 225w, https:\/\/difue.de\/app\/uploads\/2023\/11\/plantzahlterbild-team-113x150.jpg 113w, https:\/\/difue.de\/app\/uploads\/2023\/11\/plantzahlterbild-team-201x268.jpg 201w\" sizes=\"auto, (max-width: 375px) 100vw, 375px\" \/>\t\t\t\t\t\t<p class=\"name\">Karl Damke<\/p>\n\t\t\t\t\t\t<p>Landesverband der Volkshochschulen Schleswig-Holsteins e.V.<\/p>\n\t\t\t\t\t<\/div>\n\t\t\t\t\t\t\t\t\t\t<div class=\"team_member col-12 col-sm-6 col-md-3\">\n\t\t\t\t\t\t\t\t\t\t\t\t<img loading=\"lazy\" decoding=\"async\" width=\"375\" height=\"500\" src=\"https:\/\/difue.de\/app\/uploads\/2023\/06\/Drauz.png\" class=\"img-fluid w-100\" alt=\"Drauz\" title=\"Drauz\" srcset=\"https:\/\/difue.de\/app\/uploads\/2023\/06\/Drauz.png 1000w, https:\/\/difue.de\/app\/uploads\/2023\/06\/Drauz-225x300.png 225w, https:\/\/difue.de\/app\/uploads\/2023\/06\/Drauz-768x1024.png 768w, https:\/\/difue.de\/app\/uploads\/2023\/06\/Drauz-113x150.png 113w, https:\/\/difue.de\/app\/uploads\/2023\/06\/Drauz-201x268.png 201w\" sizes=\"auto, (max-width: 375px) 100vw, 375px\" \/>\t\t\t\t\t\t<p class=\"name\">Franziska Drauz<\/p>\n\t\t\t\t\t\t<p>Zukunft Digitale Bildung <br \/>\r\nGesch\u00e4ftsf\u00fchrung Partnermanagement<br \/>\r\n\u00a9 Zukunft Digitale Bildung<br \/>\r\n<br \/>\r\n<\/p>\n\t\t\t\t\t<\/div>\n\t\t\t\t\t\t\t\t\t\t<div class=\"team_member col-12 col-sm-6 col-md-3\">\n\t\t\t\t\t\t\t\t\t\t\t\t<img loading=\"lazy\" decoding=\"async\" width=\"375\" height=\"500\" src=\"https:\/\/difue.de\/app\/uploads\/2024\/02\/Emde_A_6.jpg\" class=\"img-fluid w-100\" alt=\"Portrait einer in die Kamera l\u00e4chelnden Person. Sie tr\u00e4gt einen Blazer und eine gestreifte Bluse. Sie hat kurze Haare.\" title=\"Emde_A_6\" srcset=\"https:\/\/difue.de\/app\/uploads\/2024\/02\/Emde_A_6.jpg 721w, https:\/\/difue.de\/app\/uploads\/2024\/02\/Emde_A_6-225x300.jpg 225w, https:\/\/difue.de\/app\/uploads\/2024\/02\/Emde_A_6-112x150.jpg 112w, https:\/\/difue.de\/app\/uploads\/2024\/02\/Emde_A_6-201x268.jpg 201w\" sizes=\"auto, (max-width: 375px) 100vw, 375px\" \/>\t\t\t\t\t\t<p class=\"name\">Aniane Emde<\/p>\n\t\t\t\t\t\t<p>Fachberaterin f\u00fcr Cybercrimepr\u00e4vention beim Polizeipr\u00e4sidium Nordhessen<br \/>\r\n\u00a9 PP Nordhessen<br \/>\r\n<\/p>\n\t\t\t\t\t<\/div>\n\t\t\t\t\t\t\t\t\t\t<div class=\"team_member col-12 col-sm-6 col-md-3\">\n\t\t\t\t\t\t\t\t\t\t\t\t<img loading=\"lazy\" decoding=\"async\" width=\"375\" height=\"500\" src=\"https:\/\/difue.de\/app\/uploads\/2023\/06\/Hansen.png\" class=\"img-fluid w-100\" alt=\"Hansen\" title=\"Hansen\" srcset=\"https:\/\/difue.de\/app\/uploads\/2023\/06\/Hansen.png 1000w, https:\/\/difue.de\/app\/uploads\/2023\/06\/Hansen-225x300.png 225w, https:\/\/difue.de\/app\/uploads\/2023\/06\/Hansen-768x1024.png 768w, https:\/\/difue.de\/app\/uploads\/2023\/06\/Hansen-113x150.png 113w, https:\/\/difue.de\/app\/uploads\/2023\/06\/Hansen-201x268.png 201w\" sizes=\"auto, (max-width: 375px) 100vw, 375px\" \/>\t\t\t\t\t\t<p class=\"name\">Marit Hansen<\/p>\n\t\t\t\t\t\t<p>Unabh\u00e4ngiges Landeszentrum f\u00fcr Datenschutz Schleswig-Holstein<br \/>\r\nLandesbeauftragte f\u00fcr Datenschutz S-H, Leiterin des ULD<br \/>\r\n\u00a9 Markus Hansen<br \/>\r\n<br \/>\r\n<\/p>\n\t\t\t\t\t<\/div>\n\t\t\t\t\t\t\t\t\t\t<div class=\"team_member col-12 col-sm-6 col-md-3\">\n\t\t\t\t\t\t\t\t\t\t\t\t<img loading=\"lazy\" decoding=\"async\" width=\"375\" height=\"500\" src=\"https:\/\/difue.de\/app\/uploads\/2023\/06\/Herbst.png\" class=\"img-fluid w-100\" alt=\"Herbst\" title=\"Herbst\" srcset=\"https:\/\/difue.de\/app\/uploads\/2023\/06\/Herbst.png 1000w, https:\/\/difue.de\/app\/uploads\/2023\/06\/Herbst-225x300.png 225w, https:\/\/difue.de\/app\/uploads\/2023\/06\/Herbst-768x1024.png 768w, https:\/\/difue.de\/app\/uploads\/2023\/06\/Herbst-113x150.png 113w, https:\/\/difue.de\/app\/uploads\/2023\/06\/Herbst-201x268.png 201w\" sizes=\"auto, (max-width: 375px) 100vw, 375px\" \/>\t\t\t\t\t\t<p class=\"name\">Carola Herbst<\/p>\n\t\t\t\t\t\t<p>Kompetenzzentrum Technik-Diversity-Chancengleichheit e.V.<br \/>\r\nProjektleitung<br \/>\r\n\u00a9 kompetenzz.de<\/p>\n\t\t\t\t\t<\/div>\n\t\t\t\t\t\t\t\t\t\t<div class=\"team_member col-12 col-sm-6 col-md-3\">\n\t\t\t\t\t\t\t\t\t\t\t\t<img loading=\"lazy\" decoding=\"async\" width=\"375\" height=\"500\" src=\"https:\/\/difue.de\/app\/uploads\/2023\/10\/Shai-Hoffmann-scaled.jpeg\" class=\"img-fluid w-100\" alt=\"Shai-Hoffmann\" title=\"Shai-Hoffmann\" srcset=\"https:\/\/difue.de\/app\/uploads\/2023\/10\/Shai-Hoffmann-scaled.jpeg 1920w, https:\/\/difue.de\/app\/uploads\/2023\/10\/Shai-Hoffmann-225x300.jpeg 225w, https:\/\/difue.de\/app\/uploads\/2023\/10\/Shai-Hoffmann-768x1024.jpeg 768w, https:\/\/difue.de\/app\/uploads\/2023\/10\/Shai-Hoffmann-1152x1536.jpeg 1152w, https:\/\/difue.de\/app\/uploads\/2023\/10\/Shai-Hoffmann-1536x2048.jpeg 1536w, https:\/\/difue.de\/app\/uploads\/2023\/10\/Shai-Hoffmann-113x150.jpeg 113w, https:\/\/difue.de\/app\/uploads\/2023\/10\/Shai-Hoffmann-201x268.jpeg 201w\" sizes=\"auto, (max-width: 375px) 100vw, 375px\" \/>\t\t\t\t\t\t<p class=\"name\">Shai Hoffmann<\/p>\n\t\t\t\t\t\t<p>Gesellschaft im Wandel gUG<br \/>\r\n\u00a9 Shai Hoffmann<\/p>\n\t\t\t\t\t<\/div>\n\t\t\t\t\t\t\t\t\t\t<div class=\"team_member col-12 col-sm-6 col-md-3\">\n\t\t\t\t\t\t\t\t\t\t\t\t<img loading=\"lazy\" decoding=\"async\" width=\"375\" height=\"500\" src=\"https:\/\/difue.de\/app\/uploads\/2023\/06\/Klingner.png\" class=\"img-fluid w-100\" alt=\"Klingner\" title=\"Klingner\" srcset=\"https:\/\/difue.de\/app\/uploads\/2023\/06\/Klingner.png 1000w, https:\/\/difue.de\/app\/uploads\/2023\/06\/Klingner-225x300.png 225w, https:\/\/difue.de\/app\/uploads\/2023\/06\/Klingner-768x1024.png 768w, https:\/\/difue.de\/app\/uploads\/2023\/06\/Klingner-113x150.png 113w, https:\/\/difue.de\/app\/uploads\/2023\/06\/Klingner-201x268.png 201w\" sizes=\"auto, (max-width: 375px) 100vw, 375px\" \/>\t\t\t\t\t\t<p class=\"name\">Dr. Stephan Klingner<\/p>\n\t\t\t\t\t\t<p>Institut f\u00fcr Angewandte Informatik (InfAI) \/ URZ der Universit\u00e4t Leipzig<br \/>\r\nProjektleiter F&amp;E<br \/>\r\n\u00a9 Christian H\u00fcller<br \/>\r\n<br \/>\r\n<\/p>\n\t\t\t\t\t<\/div>\n\t\t\t\t\t\t\t\t\t\t<div class=\"team_member col-12 col-sm-6 col-md-3\">\n\t\t\t\t\t\t\t\t\t\t\t\t<img loading=\"lazy\" decoding=\"async\" width=\"375\" height=\"500\" src=\"https:\/\/difue.de\/app\/uploads\/2023\/11\/plantzahlterbild-team.jpg\" class=\"img-fluid w-100\" alt=\"Platzhalter Foto\" title=\"plantzahlterbild-team\" srcset=\"https:\/\/difue.de\/app\/uploads\/2023\/11\/plantzahlterbild-team.jpg 375w, https:\/\/difue.de\/app\/uploads\/2023\/11\/plantzahlterbild-team-225x300.jpg 225w, https:\/\/difue.de\/app\/uploads\/2023\/11\/plantzahlterbild-team-113x150.jpg 113w, https:\/\/difue.de\/app\/uploads\/2023\/11\/plantzahlterbild-team-201x268.jpg 201w\" sizes=\"auto, (max-width: 375px) 100vw, 375px\" \/>\t\t\t\t\t\t<p class=\"name\">Susanne M\u00fcller<\/p>\n\t\t\t\t\t\t<p>Bundesvereinigung der Deutschen Arbeitgeberverb\u00e4nde (BDA)<\/p>\n\t\t\t\t\t<\/div>\n\t\t\t\t\t\t\t\t\t\t<div class=\"team_member col-12 col-sm-6 col-md-3\">\n\t\t\t\t\t\t\t\t\t\t\t\t<img loading=\"lazy\" decoding=\"async\" width=\"375\" height=\"500\" src=\"https:\/\/difue.de\/app\/uploads\/2023\/11\/plantzahlterbild-team.jpg\" class=\"img-fluid w-100\" alt=\"Platzhalter Foto\" title=\"plantzahlterbild-team\" srcset=\"https:\/\/difue.de\/app\/uploads\/2023\/11\/plantzahlterbild-team.jpg 375w, https:\/\/difue.de\/app\/uploads\/2023\/11\/plantzahlterbild-team-225x300.jpg 225w, https:\/\/difue.de\/app\/uploads\/2023\/11\/plantzahlterbild-team-113x150.jpg 113w, https:\/\/difue.de\/app\/uploads\/2023\/11\/plantzahlterbild-team-201x268.jpg 201w\" sizes=\"auto, (max-width: 375px) 100vw, 375px\" \/>\t\t\t\t\t\t<p class=\"name\">Dr. Heike Schaumburg<\/p>\n\t\t\t\t\t\t<p>Institut f\u00fcr Erziehungswissenschaften der Humboldt-Universit\u00e4t zu Berlin<\/p>\n\t\t\t\t\t<\/div>\n\t\t\t\t\t\t\t\t\t\t<div class=\"team_member col-12 col-sm-6 col-md-3\">\n\t\t\t\t\t\t\t\t\t\t\t\t<img loading=\"lazy\" decoding=\"async\" width=\"375\" height=\"500\" src=\"https:\/\/difue.de\/app\/uploads\/2023\/06\/SchmiSchmidt-Lauff.png\" class=\"img-fluid w-100\" alt=\"SchmiSchmidt-Lauff\" title=\"SchmiSchmidt-Lauff\" srcset=\"https:\/\/difue.de\/app\/uploads\/2023\/06\/SchmiSchmidt-Lauff.png 1000w, https:\/\/difue.de\/app\/uploads\/2023\/06\/SchmiSchmidt-Lauff-225x300.png 225w, https:\/\/difue.de\/app\/uploads\/2023\/06\/SchmiSchmidt-Lauff-768x1024.png 768w, https:\/\/difue.de\/app\/uploads\/2023\/06\/SchmiSchmidt-Lauff-113x150.png 113w, https:\/\/difue.de\/app\/uploads\/2023\/06\/SchmiSchmidt-Lauff-201x268.png 201w\" sizes=\"auto, (max-width: 375px) 100vw, 375px\" \/>\t\t\t\t\t\t<p class=\"name\">Prof. Dr. Sabine Schmidt-Lauff<\/p>\n\t\t\t\t\t\t<p>HSU\/UniBw Hamburg<br \/>\r\nProfessur f\u00fcr Weiterbildung und lebenslanges Lernen<br \/>\r\n\u00a9 Steffi Rose <\/p>\n\t\t\t\t\t<\/div>\n\t\t\t\t\t\t\t\t\t\t<div class=\"team_member col-12 col-sm-6 col-md-3\">\n\t\t\t\t\t\t\t\t\t\t\t\t<img loading=\"lazy\" decoding=\"async\" width=\"375\" height=\"500\" src=\"https:\/\/difue.de\/app\/uploads\/2023\/07\/Fachbeirat.png\" class=\"img-fluid w-100\" alt=\"Fachbeirat\" title=\"Fachbeirat\" srcset=\"https:\/\/difue.de\/app\/uploads\/2023\/07\/Fachbeirat.png 1000w, https:\/\/difue.de\/app\/uploads\/2023\/07\/Fachbeirat-225x300.png 225w, https:\/\/difue.de\/app\/uploads\/2023\/07\/Fachbeirat-768x1024.png 768w, https:\/\/difue.de\/app\/uploads\/2023\/07\/Fachbeirat-113x150.png 113w, https:\/\/difue.de\/app\/uploads\/2023\/07\/Fachbeirat-201x268.png 201w\" sizes=\"auto, (max-width: 375px) 100vw, 375px\" \/>\t\t\t\t\t\t<p class=\"name\">Dr. Andreas Splittgerber CIPP\/E<\/p>\n\t\t\t\t\t\t<p>Reed Smith LLP M\u00fcnchen<br \/>\r\nRechtsanwalt<\/p>\n\t\t\t\t\t<\/div>\n\t\t\t\t\t\t\t\t<\/div>\n\t\t<\/div>\n\t\t\t<\/div>\n<\/section>\n","protected":false},"excerpt":{"rendered":"","protected":false},"author":26,"featured_media":0,"parent":0,"menu_order":0,"comment_status":"closed","ping_status":"closed","template":"","meta":{"_acf_changed":false,"inline_featured_image":false,"footnotes":""},"class_list":["post-44672","page","type-page","status-publish","hentry"],"acf":[],"yoast_head":"<!-- This site is optimized with the Yoast SEO Premium plugin v22.4 (Yoast SEO v24.7) - https:\/\/yoast.com\/wordpress\/plugins\/seo\/ -->\n<title>DiF\u00fc-Fachbeirat &#8226; Digitalf\u00fchrerschein (DiF\u00fc)<\/title>\n<meta name=\"robots\" content=\"noindex, nofollow\" \/>\n<meta property=\"og:locale\" content=\"en_US\" \/>\n<meta property=\"og:type\" content=\"article\" \/>\n<meta property=\"og:title\" content=\"DiF\u00fc-Fachbeirat\" \/>\n<meta property=\"og:url\" content=\"https:\/\/difue.de\/en\/difu-fachbeirat\/\" \/>\n<meta property=\"og:site_name\" content=\"Digitalf\u00fchrerschein (DiF\u00fc)\" \/>\n<meta property=\"article:publisher\" content=\"https:\/\/www.facebook.com\/people\/DsiN-Digitalf%c3%bchrerschein-DiF%c3%bc\/100079074183260\/\" \/>\n<meta property=\"article:modified_time\" content=\"2024-06-17T11:39:57+00:00\" \/>\n<meta property=\"og:image\" content=\"https:\/\/difue.de\/app\/uploads\/2022\/02\/DiFue-Logo_Logozusatz-RGB-positiv.png\" \/>\n\t<meta property=\"og:image:width\" content=\"14657\" \/>\n\t<meta property=\"og:image:height\" content=\"10977\" \/>\n\t<meta property=\"og:image:type\" content=\"image\/png\" \/>\n<meta name=\"twitter:card\" content=\"summary_large_image\" \/>\n<script type=\"application\/ld+json\" class=\"yoast-schema-graph\">{\"@context\":\"https:\/\/schema.org\",\"@graph\":[{\"@type\":\"WebPage\",\"@id\":\"https:\/\/difue.de\/en\/difu-fachbeirat\/\",\"url\":\"https:\/\/difue.de\/en\/difu-fachbeirat\/\",\"name\":\"DiF\u00fc-Fachbeirat &#8226; Digitalf\u00fchrerschein (DiF\u00fc)\",\"isPartOf\":{\"@id\":\"https:\/\/difue.de\/en\/#website\"},\"datePublished\":\"2023-07-27T13:07:37+00:00\",\"dateModified\":\"2024-06-17T11:39:57+00:00\",\"breadcrumb\":{\"@id\":\"https:\/\/difue.de\/en\/difu-fachbeirat\/#breadcrumb\"},\"inLanguage\":\"en-US\",\"potentialAction\":[{\"@type\":\"ReadAction\",\"target\":[\"https:\/\/difue.de\/en\/difu-fachbeirat\/\"]}]},{\"@type\":\"BreadcrumbList\",\"@id\":\"https:\/\/difue.de\/en\/difu-fachbeirat\/#breadcrumb\",\"itemListElement\":[{\"@type\":\"ListItem\",\"position\":1,\"name\":\"Startseite\",\"item\":\"https:\/\/difue.de\/en\/startseite\/\"},{\"@type\":\"ListItem\",\"position\":2,\"name\":\"DiF\u00fc-Fachbeirat\"}]},{\"@type\":\"WebSite\",\"@id\":\"https:\/\/difue.de\/en\/#website\",\"url\":\"https:\/\/difue.de\/en\/\",\"name\":\"Digitalf\u00fchrerschein (DiF\u00fc)\",\"description\":\"\",\"publisher\":{\"@id\":\"https:\/\/difue.de\/en\/#organization\"},\"potentialAction\":[{\"@type\":\"SearchAction\",\"target\":{\"@type\":\"EntryPoint\",\"urlTemplate\":\"https:\/\/difue.de\/en\/?s={search_term_string}\"},\"query-input\":{\"@type\":\"PropertyValueSpecification\",\"valueRequired\":true,\"valueName\":\"search_term_string\"}}],\"inLanguage\":\"en-US\"},{\"@type\":\"Organization\",\"@id\":\"https:\/\/difue.de\/en\/#organization\",\"name\":\"Digitalf\u00fchrerschein (DiF\u00fc)\",\"url\":\"https:\/\/difue.de\/en\/\",\"logo\":{\"@type\":\"ImageObject\",\"inLanguage\":\"en-US\",\"@id\":\"https:\/\/difue.de\/en\/#\/schema\/logo\/image\/\",\"url\":\"https:\/\/difue.de\/app\/uploads\/2021\/09\/difue-logo.svg\",\"contentUrl\":\"https:\/\/difue.de\/app\/uploads\/2021\/09\/difue-logo.svg\",\"width\":200,\"height\":149,\"caption\":\"Digitalf\u00fchrerschein (DiF\u00fc)\"},\"image\":{\"@id\":\"https:\/\/difue.de\/en\/#\/schema\/logo\/image\/\"},\"sameAs\":[\"https:\/\/www.facebook.com\/people\/DsiN-Digitalf\u00fchrerschein-DiF\u00fc\/100079074183260\/\",\"https:\/\/www.instagram.com\/dsin_digitalfuehrerschein\/\"]}]}<\/script>\n<!-- \/ Yoast SEO Premium plugin. -->","yoast_head_json":{"title":"DiF\u00fc-Fachbeirat &#8226; Digitalf\u00fchrerschein (DiF\u00fc)","robots":{"index":"noindex","follow":"nofollow"},"og_locale":"en_US","og_type":"article","og_title":"DiF\u00fc-Fachbeirat","og_url":"https:\/\/difue.de\/en\/difu-fachbeirat\/","og_site_name":"Digitalf\u00fchrerschein (DiF\u00fc)","article_publisher":"https:\/\/www.facebook.com\/people\/DsiN-Digitalf%c3%bchrerschein-DiF%c3%bc\/100079074183260\/","article_modified_time":"2024-06-17T11:39:57+00:00","og_image":[{"width":14657,"height":10977,"url":"https:\/\/difue.de\/app\/uploads\/2022\/02\/DiFue-Logo_Logozusatz-RGB-positiv.png","type":"image\/png"}],"twitter_card":"summary_large_image","schema":{"@context":"https:\/\/schema.org","@graph":[{"@type":"WebPage","@id":"https:\/\/difue.de\/en\/difu-fachbeirat\/","url":"https:\/\/difue.de\/en\/difu-fachbeirat\/","name":"DiF\u00fc-Fachbeirat &#8226; Digitalf\u00fchrerschein (DiF\u00fc)","isPartOf":{"@id":"https:\/\/difue.de\/en\/#website"},"datePublished":"2023-07-27T13:07:37+00:00","dateModified":"2024-06-17T11:39:57+00:00","breadcrumb":{"@id":"https:\/\/difue.de\/en\/difu-fachbeirat\/#breadcrumb"},"inLanguage":"en-US","potentialAction":[{"@type":"ReadAction","target":["https:\/\/difue.de\/en\/difu-fachbeirat\/"]}]},{"@type":"BreadcrumbList","@id":"https:\/\/difue.de\/en\/difu-fachbeirat\/#breadcrumb","itemListElement":[{"@type":"ListItem","position":1,"name":"Startseite","item":"https:\/\/difue.de\/en\/startseite\/"},{"@type":"ListItem","position":2,"name":"DiF\u00fc-Fachbeirat"}]},{"@type":"WebSite","@id":"https:\/\/difue.de\/en\/#website","url":"https:\/\/difue.de\/en\/","name":"Digitalf\u00fchrerschein (DiF\u00fc)","description":"","publisher":{"@id":"https:\/\/difue.de\/en\/#organization"},"potentialAction":[{"@type":"SearchAction","target":{"@type":"EntryPoint","urlTemplate":"https:\/\/difue.de\/en\/?s={search_term_string}"},"query-input":{"@type":"PropertyValueSpecification","valueRequired":true,"valueName":"search_term_string"}}],"inLanguage":"en-US"},{"@type":"Organization","@id":"https:\/\/difue.de\/en\/#organization","name":"Digitalf\u00fchrerschein (DiF\u00fc)","url":"https:\/\/difue.de\/en\/","logo":{"@type":"ImageObject","inLanguage":"en-US","@id":"https:\/\/difue.de\/en\/#\/schema\/logo\/image\/","url":"https:\/\/difue.de\/app\/uploads\/2021\/09\/difue-logo.svg","contentUrl":"https:\/\/difue.de\/app\/uploads\/2021\/09\/difue-logo.svg","width":200,"height":149,"caption":"Digitalf\u00fchrerschein (DiF\u00fc)"},"image":{"@id":"https:\/\/difue.de\/en\/#\/schema\/logo\/image\/"},"sameAs":["https:\/\/www.facebook.com\/people\/DsiN-Digitalf\u00fchrerschein-DiF\u00fc\/100079074183260\/","https:\/\/www.instagram.com\/dsin_digitalfuehrerschein\/"]}]}},"_links":{"self":[{"href":"https:\/\/difue.de\/en\/wp-json\/wp\/v2\/pages\/44672","targetHints":{"allow":["GET"]}}],"collection":[{"href":"https:\/\/difue.de\/en\/wp-json\/wp\/v2\/pages"}],"about":[{"href":"https:\/\/difue.de\/en\/wp-json\/wp\/v2\/types\/page"}],"author":[{"embeddable":true,"href":"https:\/\/difue.de\/en\/wp-json\/wp\/v2\/users\/26"}],"replies":[{"embeddable":true,"href":"https:\/\/difue.de\/en\/wp-json\/wp\/v2\/comments?post=44672"}],"version-history":[{"count":1,"href":"https:\/\/difue.de\/en\/wp-json\/wp\/v2\/pages\/44672\/revisions"}],"predecessor-version":[{"id":44673,"href":"https:\/\/difue.de\/en\/wp-json\/wp\/v2\/pages\/44672\/revisions\/44673"}],"wp:attachment":[{"href":"https:\/\/difue.de\/en\/wp-json\/wp\/v2\/media?parent=44672"}],"curies":[{"name":"wp","href":"https:\/\/api.w.org\/{rel}","templated":true}]}}